{"id":33,"date":"2024-12-06T16:00:00","date_gmt":"2024-12-06T15:00:00","guid":{"rendered":"http:\/\/www.aserpasl.com\/Candeledapadel\/?page_id=33"},"modified":"2024-12-08T12:56:33","modified_gmt":"2024-12-08T11:56:33","slug":"instalaciones","status":"publish","type":"page","link":"https:\/\/www.aserpasl.com\/Candeledapadel\/instalaciones\/","title":{"rendered":"Instalaciones"},"content":{"rendered":"\n<div class=\"wp-block-media-text alignwide has-media-on-the-right is-stacked-on-mobile\"><div class=\"wp-block-media-text__content\">\n<p class=\"has-text-color\" style=\"color:#008000\"><strong><em><ins>EL ARENAL:<\/ins><\/em><\/strong><\/p>\n\n\n\n<p><strong>Municipales (concesi\u00f3n):<\/strong><\/p>\n\n\n\n<ul class=\"wp-block-list\">\n<li>Tipo: VIDRIO<\/li>\n\n\n\n<li>Suelo: CESPED ARTIFICIAL<\/li>\n\n\n\n<li>Iluminaci\u00f3n: SI<\/li>\n\n\n\n<li>Pistas: 1<\/li>\n\n\n\n<li>Cubiertas: NO<\/li>\n\n\n\n<li>Tel\u00e9fonos: \n<ul class=\"wp-block-list\">\n<li>De lunes a viernes: <strong>610 46 26 24<\/strong><\/li>\n\n\n\n<li>S\u00e1bados, domingos y festivos : <strong>647 54 36 75<\/strong><\/li>\n<\/ul>\n<\/li>\n<\/ul>\n<\/div><figure class=\"wp-block-media-text__media\"><a href=\"https:\/\/www.aserpasl.com\/Candeledapadel\/wp-content\/uploads\/2023\/03\/Inauguracio-pista-El-Arenal-015.jpg\" target=\"_blank\" rel=\"noreferrer noopener\"><img loading=\"lazy\" decoding=\"async\" width=\"1024\" height=\"768\" src=\"https:\/\/www.aserpasl.com\/Candeledapadel\/wp-content\/uploads\/2023\/03\/Inauguracio-pista-El-Arenal-015-1024x768.jpg\" alt=\"\" class=\"wp-image-12409 size-full\" srcset=\"https:\/\/www.aserpasl.com\/Candeledapadel\/wp-content\/uploads\/2023\/03\/Inauguracio-pista-El-Arenal-015-1024x768.jpg 1024w, https:\/\/www.aserpasl.com\/Candeledapadel\/wp-content\/uploads\/2023\/03\/Inauguracio-pista-El-Arenal-015-300x225.jpg 300w, https:\/\/www.aserpasl.com\/Candeledapadel\/wp-content\/uploads\/2023\/03\/Inauguracio-pista-El-Arenal-015-768x576.jpg 768w, https:\/\/www.aserpasl.com\/Candeledapadel\/wp-content\/uploads\/2023\/03\/Inauguracio-pista-El-Arenal-015.jpg 1200w\" sizes=\"auto, (max-width: 1024px) 100vw, 1024px\" \/><\/a><\/figure><\/div>\n\n\n\n<div style=\"height:100px\" aria-hidden=\"true\" class=\"wp-block-spacer\"><\/div>\n\n\n\n<div class=\"wp-block-media-text alignwide is-stacked-on-mobile\"><figure class=\"wp-block-media-text__media\"><a href=\"https:\/\/www.aserpasl.com\/Candeledapadel\/wp-content\/uploads\/2023\/09\/Pistas-Arenas-de-San-Pedro.jpg\" target=\"_blank\" rel=\"noreferrer noopener\"><img loading=\"lazy\" decoding=\"async\" width=\"1024\" height=\"768\" src=\"https:\/\/www.aserpasl.com\/Candeledapadel\/wp-content\/uploads\/2023\/09\/Pistas-Arenas-de-San-Pedro-1024x768.jpg\" alt=\"\" class=\"wp-image-12884 size-full\" srcset=\"https:\/\/www.aserpasl.com\/Candeledapadel\/wp-content\/uploads\/2023\/09\/Pistas-Arenas-de-San-Pedro-1024x768.jpg 1024w, https:\/\/www.aserpasl.com\/Candeledapadel\/wp-content\/uploads\/2023\/09\/Pistas-Arenas-de-San-Pedro-300x225.jpg 300w, https:\/\/www.aserpasl.com\/Candeledapadel\/wp-content\/uploads\/2023\/09\/Pistas-Arenas-de-San-Pedro-768x576.jpg 768w, https:\/\/www.aserpasl.com\/Candeledapadel\/wp-content\/uploads\/2023\/09\/Pistas-Arenas-de-San-Pedro.jpg 1200w\" sizes=\"auto, (max-width: 1024px) 100vw, 1024px\" \/><\/a><\/figure><div class=\"wp-block-media-text__content\">\n<p class=\"has-text-color\" style=\"color:#008000\"><strong><em><ins>ARENAS DE SAN PEDRO:<\/ins><\/em><\/strong> <\/p>\n\n\n\n<p><strong><mark style=\"background-color:#00d084\" class=\"has-inline-color\">Municipales (concesi\u00f3n):<\/mark><\/strong><\/p>\n\n\n\n<ul class=\"wp-block-list\">\n<li>Tipo: VIDRIO<\/li>\n\n\n\n<li>Suelo: CESPED ARTIFICIAL<\/li>\n\n\n\n<li>Iluminaci\u00f3n: SI<\/li>\n\n\n\n<li>Pistas: 2<\/li>\n\n\n\n<li>Cubiertas: 1<\/li>\n\n\n\n<li>Tel\u00e9fonos: <strong>630 20 50 47<\/strong><\/li>\n<\/ul>\n<\/div><\/div>\n\n\n\n<div class=\"wp-block-media-text alignwide is-stacked-on-mobile\"><figure class=\"wp-block-media-text__media\"><a href=\"https:\/\/www.aserpasl.com\/Candeledapadel\/wp-content\/uploads\/2021\/01\/Pista-Ramacasta\u00f1as.jpg\" target=\"_blank\" rel=\"noreferrer noopener\"><img loading=\"lazy\" decoding=\"async\" width=\"852\" height=\"640\" src=\"https:\/\/www.aserpasl.com\/Candeledapadel\/wp-content\/uploads\/2021\/01\/Pista-Ramacasta\u00f1as.jpg\" alt=\"\" class=\"wp-image-10496 size-full\" srcset=\"https:\/\/www.aserpasl.com\/Candeledapadel\/wp-content\/uploads\/2021\/01\/Pista-Ramacasta\u00f1as.jpg 852w, https:\/\/www.aserpasl.com\/Candeledapadel\/wp-content\/uploads\/2021\/01\/Pista-Ramacasta\u00f1as-300x225.jpg 300w, https:\/\/www.aserpasl.com\/Candeledapadel\/wp-content\/uploads\/2021\/01\/Pista-Ramacasta\u00f1as-768x577.jpg 768w\" sizes=\"auto, (max-width: 852px) 100vw, 852px\" \/><\/a><\/figure><div class=\"wp-block-media-text__content\">\n<p class=\"has-text-color\" style=\"color:#008000\"><strong><em><ins>RAMACASTA\u00d1AS  (<\/ins><\/em><ins><em>Arenas de San Pedro<\/em>)<\/ins><em><ins>:<\/ins><\/em><\/strong><\/p>\n\n\n\n<p><strong><mark style=\"background-color:#00d084\" class=\"has-inline-color\">P\u00e1del Indoor Puerta de Gredos<\/mark>:<\/strong><\/p>\n\n\n\n<ul class=\"wp-block-list\">\n<li>Tipo: VIDRIO<\/li>\n\n\n\n<li>Suelo: CESPED ARTIFICIAL<\/li>\n\n\n\n<li>Iluminaci\u00f3n: SI<\/li>\n\n\n\n<li>Pistas: 2<\/li>\n\n\n\n<li>Cubierta: SI<\/li>\n\n\n\n<li>Tel\u00e9fonos: <strong>920 37 60 13<\/strong> &nbsp;<\/li>\n\n\n\n<li><a href=\"https:\/\/playtomic.io\/wl\/da77c87b-43b3-11e8-8674-52540049669c?frompartner=true\" target=\"_blank\" rel=\"noreferrer noopener\" aria-label=\" (se abre en una nueva pesta\u00f1a)\"><strong>Reservas por internet en padelpuertadegredos.es<\/strong><\/a><\/li>\n<\/ul>\n<\/div><\/div>\n\n\n\n<div style=\"height:100px\" aria-hidden=\"true\" class=\"wp-block-spacer\"><\/div>\n\n\n\n<div class=\"wp-block-media-text alignwide has-media-on-the-right is-stacked-on-mobile\"><div class=\"wp-block-media-text__content\">\n<p class=\"has-text-color\" style=\"color:#008000\"><strong><em><ins>CANDELEDA<\/ins>:<\/em><\/strong><\/p>\n\n\n\n<p><strong><mark style=\"background-color:#00d084\" class=\"has-inline-color\">Polideportivo Municipal (Centro de Tabaco)<\/mark>:<\/strong><\/p>\n\n\n\n<ul class=\"wp-block-list\">\n<li>Tipo: VIDRIO<\/li>\n\n\n\n<li>Suelo: CESPED ARTIFICIAL<\/li>\n\n\n\n<li>Iluminaci\u00f3n: SI<\/li>\n\n\n\n<li>Pistas: 3<\/li>\n\n\n\n<li>Cubiertas 3<\/li>\n\n\n\n<li>Tel\u00e9fonos: &nbsp;<strong>670 38 01 10<\/strong> <\/li>\n\n\n\n<li><strong><a rel=\"noreferrer noopener\" aria-label=\" (se abre en una nueva pesta\u00f1a)\" href=\"https:\/\/app.sporttia.com\/search?q=candeleda\" target=\"_blank\">Reservas por internet de sporttia.com<\/a><\/strong><\/li>\n<\/ul>\n<\/div><figure class=\"wp-block-media-text__media\"><a href=\"https:\/\/www.aserpasl.com\/Candeledapadel\/wp-content\/uploads\/2021\/01\/Pista-Candeleda-Centro.jpg\" target=\"_blank\" rel=\"noreferrer noopener\"><img loading=\"lazy\" decoding=\"async\" width=\"1024\" height=\"768\" src=\"https:\/\/www.aserpasl.com\/Candeledapadel\/wp-content\/uploads\/2021\/01\/Pista-Candeleda-Centro-1024x768.jpg\" alt=\"\" class=\"wp-image-10490 size-full\" srcset=\"https:\/\/www.aserpasl.com\/Candeledapadel\/wp-content\/uploads\/2021\/01\/Pista-Candeleda-Centro-1024x768.jpg 1024w, https:\/\/www.aserpasl.com\/Candeledapadel\/wp-content\/uploads\/2021\/01\/Pista-Candeleda-Centro-300x225.jpg 300w, https:\/\/www.aserpasl.com\/Candeledapadel\/wp-content\/uploads\/2021\/01\/Pista-Candeleda-Centro-768x576.jpg 768w, https:\/\/www.aserpasl.com\/Candeledapadel\/wp-content\/uploads\/2021\/01\/Pista-Candeleda-Centro.jpg 1200w\" sizes=\"auto, (max-width: 1024px) 100vw, 1024px\" \/><\/a><\/figure><\/div>\n\n\n\n<div class=\"wp-block-media-text alignwide has-media-on-the-right is-stacked-on-mobile\"><div class=\"wp-block-media-text__content\">\n<p><strong><mark style=\"background-color:#00d084\" class=\"has-inline-color\">Club de Golf de Candeleda<\/mark>:&nbsp;<\/strong><\/p>\n\n\n\n<ul class=\"wp-block-list\">\n<li>Tipo: VIDRIO<\/li>\n\n\n\n<li>Suelo: CESPED ARTIFICIAL<\/li>\n\n\n\n<li>Iluminaci\u00f3n: SI<\/li>\n\n\n\n<li>Pistas: 2<\/li>\n\n\n\n<li>Cubiertas :&nbsp;NO<\/li>\n\n\n\n<li>Tel\u00e9fonos: <strong>920 38 07 59<\/strong> \/\/ <strong>671 01 42 22<\/strong><\/li>\n\n\n\n<li><a rel=\"noreferrer noopener\" aria-label=\"Reservas por internet (se abre en una nueva pesta\u00f1a)\" href=\"https:\/\/open.imaster.golf\/es\/golfcandeleda\/instalaciones\/\" target=\"_blank\"><strong>Reservas por internet de golfcandeleda.com<\/strong><\/a><\/li>\n<\/ul>\n<\/div><figure class=\"wp-block-media-text__media\"><a href=\"https:\/\/www.aserpasl.com\/Candeledapadel\/wp-content\/uploads\/2021\/01\/Pista-Candeleda-Club-de-Golf.jpg\" target=\"_blank\" rel=\"noreferrer noopener\"><img loading=\"lazy\" decoding=\"async\" width=\"1024\" height=\"768\" src=\"https:\/\/www.aserpasl.com\/Candeledapadel\/wp-content\/uploads\/2021\/01\/Pista-Candeleda-Club-de-Golf-1024x768.jpg\" alt=\"\" class=\"wp-image-10491 size-full\" srcset=\"https:\/\/www.aserpasl.com\/Candeledapadel\/wp-content\/uploads\/2021\/01\/Pista-Candeleda-Club-de-Golf-1024x768.jpg 1024w, https:\/\/www.aserpasl.com\/Candeledapadel\/wp-content\/uploads\/2021\/01\/Pista-Candeleda-Club-de-Golf-300x225.jpg 300w, https:\/\/www.aserpasl.com\/Candeledapadel\/wp-content\/uploads\/2021\/01\/Pista-Candeleda-Club-de-Golf-768x576.jpg 768w, https:\/\/www.aserpasl.com\/Candeledapadel\/wp-content\/uploads\/2021\/01\/Pista-Candeleda-Club-de-Golf.jpg 1200w\" sizes=\"auto, (max-width: 1024px) 100vw, 1024px\" \/><\/a><\/figure><\/div>\n\n\n\n<div class=\"wp-block-media-text has-media-on-the-right is-stacked-on-mobile\"><div class=\"wp-block-media-text__content\">\n<p><strong><em><ins>EL RASO (Candeleda):<\/ins><\/em><\/strong> <\/p>\n\n\n\n<p><strong><mark style=\"background-color:#00d084\" class=\"has-inline-color\">Municipal:<\/mark><\/strong><\/p>\n\n\n\n<ul class=\"wp-block-list\">\n<li>Tipo: VIDRIO<\/li>\n\n\n\n<li>Suelo: CESPED ARTIFICIAL<\/li>\n\n\n\n<li>Iluminaci\u00f3n: SI<\/li>\n\n\n\n<li>Pistas: 1<\/li>\n\n\n\n<li>Cubiertas 0<\/li>\n\n\n\n<li>Tel\u00e9fonos: &nbsp;<strong>670 38 01 10<\/strong> <\/li>\n\n\n\n<li><strong><a aria-label=\" (se abre en una nueva pesta\u00f1a)\" href=\"https:\/\/app.sporttia.com\/search?q=candeleda\" target=\"_blank\" rel=\"noreferrer noopener\">Reservas por internet de sporttia.com<\/a><\/strong><\/li>\n<\/ul>\n<\/div><figure class=\"wp-block-media-text__media\"><a href=\"https:\/\/www.aserpasl.com\/Candeledapadel\/wp-content\/uploads\/2024\/12\/2024-12-05-Pista-El-Raso.jpg\" target=\"_blank\" rel=\" noreferrer noopener\"><img loading=\"lazy\" decoding=\"async\" width=\"1024\" height=\"768\" src=\"https:\/\/www.aserpasl.com\/Candeledapadel\/wp-content\/uploads\/2024\/12\/2024-12-05-Pista-El-Raso-1024x768.jpg\" alt=\"\" class=\"wp-image-13884 size-full\" srcset=\"https:\/\/www.aserpasl.com\/Candeledapadel\/wp-content\/uploads\/2024\/12\/2024-12-05-Pista-El-Raso-1024x768.jpg 1024w, https:\/\/www.aserpasl.com\/Candeledapadel\/wp-content\/uploads\/2024\/12\/2024-12-05-Pista-El-Raso-300x225.jpg 300w, https:\/\/www.aserpasl.com\/Candeledapadel\/wp-content\/uploads\/2024\/12\/2024-12-05-Pista-El-Raso-768x576.jpg 768w, https:\/\/www.aserpasl.com\/Candeledapadel\/wp-content\/uploads\/2024\/12\/2024-12-05-Pista-El-Raso.jpg 1200w\" sizes=\"auto, (max-width: 1024px) 100vw, 1024px\" \/><\/a><\/figure><\/div>\n\n\n\n<div style=\"height:100px\" aria-hidden=\"true\" class=\"wp-block-spacer\"><\/div>\n\n\n\n<div class=\"wp-block-media-text alignwide is-stacked-on-mobile\"><figure class=\"wp-block-media-text__media\"><a href=\"https:\/\/www.aserpasl.com\/Candeledapadel\/wp-content\/uploads\/2021\/01\/Pista-Guisando.jpg\" target=\"_blank\" rel=\"noreferrer noopener\"><img loading=\"lazy\" decoding=\"async\" width=\"1024\" height=\"768\" src=\"https:\/\/www.aserpasl.com\/Candeledapadel\/wp-content\/uploads\/2021\/01\/Pista-Guisando-1024x768.jpg\" alt=\"\" class=\"wp-image-10492 size-full\" srcset=\"https:\/\/www.aserpasl.com\/Candeledapadel\/wp-content\/uploads\/2021\/01\/Pista-Guisando-1024x768.jpg 1024w, https:\/\/www.aserpasl.com\/Candeledapadel\/wp-content\/uploads\/2021\/01\/Pista-Guisando-300x225.jpg 300w, https:\/\/www.aserpasl.com\/Candeledapadel\/wp-content\/uploads\/2021\/01\/Pista-Guisando-768x576.jpg 768w, https:\/\/www.aserpasl.com\/Candeledapadel\/wp-content\/uploads\/2021\/01\/Pista-Guisando.jpg 1200w\" sizes=\"auto, (max-width: 1024px) 100vw, 1024px\" \/><\/a><\/figure><div class=\"wp-block-media-text__content\">\n<p class=\"has-text-color\" style=\"color:#008000\"><strong><em><ins>GUISANDO:<\/ins><\/em><\/strong><\/p>\n\n\n\n<p><strong>Municipal:<\/strong><\/p>\n\n\n\n<ul class=\"wp-block-list\">\n<li>Tipo: VIDRIO<\/li>\n\n\n\n<li>Suelo: CESPED ARTIFICIAL<\/li>\n\n\n\n<li>Iluminaci\u00f3n: SI<\/li>\n\n\n\n<li>Pistas: 1<\/li>\n\n\n\n<li>Cubierta: NO<\/li>\n\n\n\n<li>Tel\u00e9fonos: <strong>920 37 40 01<\/strong>&nbsp;<\/li>\n<\/ul>\n<\/div><\/div>\n\n\n\n<div style=\"height:100px\" aria-hidden=\"true\" class=\"wp-block-spacer\"><\/div>\n\n\n\n<div class=\"wp-block-media-text alignwide has-media-on-the-right is-stacked-on-mobile\"><div class=\"wp-block-media-text__content\">\n<p class=\"has-text-color\" style=\"color:#008000\"><strong><em><ins>MADRIGAL DE LA VERA:<\/ins><\/em><\/strong><\/p>\n\n\n\n<p class=\"has-vivid-red-color has-text-color\"><strong>Privada (Pi\u00f1o): MAL ESTADO<\/strong><\/p>\n\n\n\n<ul class=\"wp-block-list\">\n<li>Tipo: VIDRIO<\/li>\n\n\n\n<li>Suelo: CESPED ARTIFICIAL<\/li>\n\n\n\n<li>Iluminaci\u00f3n: SI<\/li>\n\n\n\n<li>Pistas: 1<\/li>\n\n\n\n<li>Cubierta: NO<\/li>\n\n\n\n<li>Tel\u00e9fonos: <strong>600 86 09 79<\/strong><\/li>\n<\/ul>\n<\/div><figure class=\"wp-block-media-text__media\"><a href=\"https:\/\/www.aserpasl.com\/Candeledapadel\/wp-content\/uploads\/2021\/01\/Pista-Madrigal-de-La-Vera.jpg\" target=\"_blank\" rel=\"noreferrer noopener\"><img loading=\"lazy\" decoding=\"async\" width=\"1024\" height=\"768\" src=\"https:\/\/www.aserpasl.com\/Candeledapadel\/wp-content\/uploads\/2021\/01\/Pista-Madrigal-de-La-Vera-1024x768.jpg\" alt=\"\" class=\"wp-image-10493 size-full\" srcset=\"https:\/\/www.aserpasl.com\/Candeledapadel\/wp-content\/uploads\/2021\/01\/Pista-Madrigal-de-La-Vera-1024x768.jpg 1024w, https:\/\/www.aserpasl.com\/Candeledapadel\/wp-content\/uploads\/2021\/01\/Pista-Madrigal-de-La-Vera-300x225.jpg 300w, https:\/\/www.aserpasl.com\/Candeledapadel\/wp-content\/uploads\/2021\/01\/Pista-Madrigal-de-La-Vera-768x576.jpg 768w, https:\/\/www.aserpasl.com\/Candeledapadel\/wp-content\/uploads\/2021\/01\/Pista-Madrigal-de-La-Vera.jpg 1200w\" sizes=\"auto, (max-width: 1024px) 100vw, 1024px\" \/><\/a><\/figure><\/div>\n\n\n\n<div style=\"height:100px\" aria-hidden=\"true\" class=\"wp-block-spacer\"><\/div>\n\n\n\n<div class=\"wp-block-media-text alignwide is-stacked-on-mobile\"><figure class=\"wp-block-media-text__media\"><a href=\"https:\/\/www.aserpasl.com\/Candeledapadel\/wp-content\/uploads\/2021\/01\/Pista-Mombeltr\u00e1n.jpg\" target=\"_blank\" rel=\"noreferrer noopener\"><img loading=\"lazy\" decoding=\"async\" width=\"1024\" height=\"768\" src=\"https:\/\/www.aserpasl.com\/Candeledapadel\/wp-content\/uploads\/2021\/01\/Pista-Mombeltr\u00e1n-1024x768.jpg\" alt=\"\" class=\"wp-image-10494 size-full\" srcset=\"https:\/\/www.aserpasl.com\/Candeledapadel\/wp-content\/uploads\/2021\/01\/Pista-Mombeltr\u00e1n-1024x768.jpg 1024w, https:\/\/www.aserpasl.com\/Candeledapadel\/wp-content\/uploads\/2021\/01\/Pista-Mombeltr\u00e1n-300x225.jpg 300w, https:\/\/www.aserpasl.com\/Candeledapadel\/wp-content\/uploads\/2021\/01\/Pista-Mombeltr\u00e1n-768x576.jpg 768w, https:\/\/www.aserpasl.com\/Candeledapadel\/wp-content\/uploads\/2021\/01\/Pista-Mombeltr\u00e1n.jpg 1200w\" sizes=\"auto, (max-width: 1024px) 100vw, 1024px\" \/><\/a><\/figure><div class=\"wp-block-media-text__content\">\n<p class=\"has-text-color\" style=\"color:#008000\"><strong><em><ins>MOMBELTRAN:<\/ins><\/em><\/strong><\/p>\n\n\n\n<p><strong>Municipal:<\/strong><\/p>\n\n\n\n<ul class=\"wp-block-list\">\n<li>Tipo: VIDRIO<\/li>\n\n\n\n<li>Suelo: CESPED ARTIFICIAL<\/li>\n\n\n\n<li>Iluminaci\u00f3n: SI<\/li>\n\n\n\n<li>Pistas: 1<\/li>\n\n\n\n<li>Cubierta: NO<\/li>\n\n\n\n<li>Tel\u00e9fonos: <strong>920 38 60 38<\/strong> \/\/ <strong>649 036 869<\/strong><\/li>\n<\/ul>\n<\/div><\/div>\n\n\n\n<div style=\"height:100px\" aria-hidden=\"true\" class=\"wp-block-spacer\"><\/div>\n\n\n\n<div class=\"wp-block-media-text alignwide has-media-on-the-right is-stacked-on-mobile\"><div class=\"wp-block-media-text__content\">\n<p class=\"has-text-color\" style=\"color:#008000\"><strong><em><ins>POYALES DEL HOYO:<\/ins><\/em><\/strong><\/p>\n\n\n\n<p><strong><mark style=\"background-color:#00d084\" class=\"has-inline-color\">Municipal (concesi\u00f3n)<\/mark>:<\/strong><\/p>\n\n\n\n<ul class=\"wp-block-list\">\n<li>Tipo: VIDRIO<\/li>\n\n\n\n<li>Suelo: CESPED ARTIFICIAL<\/li>\n\n\n\n<li>Iluminaci\u00f3n: SI<\/li>\n\n\n\n<li>Pistas: 1<\/li>\n\n\n\n<li>Cubierta: NO<\/li>\n\n\n\n<li>Tel\u00e9fonos: <strong>619 52 58 32<\/strong><\/li>\n<\/ul>\n<\/div><figure class=\"wp-block-media-text__media\"><a href=\"https:\/\/www.aserpasl.com\/Candeledapadel\/wp-content\/uploads\/2021\/01\/Pista-Poyales-del-Hoyo.jpg\" target=\"_blank\" rel=\"noreferrer noopener\"><img loading=\"lazy\" decoding=\"async\" width=\"993\" height=\"745\" src=\"https:\/\/www.aserpasl.com\/Candeledapadel\/wp-content\/uploads\/2021\/01\/Pista-Poyales-del-Hoyo.jpg\" alt=\"\" class=\"wp-image-10495 size-full\" srcset=\"https:\/\/www.aserpasl.com\/Candeledapadel\/wp-content\/uploads\/2021\/01\/Pista-Poyales-del-Hoyo.jpg 993w, https:\/\/www.aserpasl.com\/Candeledapadel\/wp-content\/uploads\/2021\/01\/Pista-Poyales-del-Hoyo-300x225.jpg 300w, https:\/\/www.aserpasl.com\/Candeledapadel\/wp-content\/uploads\/2021\/01\/Pista-Poyales-del-Hoyo-768x576.jpg 768w\" sizes=\"auto, (max-width: 993px) 100vw, 993px\" \/><\/a><\/figure><\/div>\n\n\n\n<div style=\"height:100px\" aria-hidden=\"true\" class=\"wp-block-spacer\"><\/div>\n\n\n\n<div style=\"height:100px\" aria-hidden=\"true\" class=\"wp-block-spacer\"><\/div>\n\n\n\n<div style=\"height:100px\" aria-hidden=\"true\" class=\"wp-block-spacer\"><\/div>\n","protected":false},"excerpt":{"rendered":"","protected":false},"author":2,"featured_media":0,"parent":0,"menu_order":6,"comment_status":"closed","ping_status":"closed","template":"","meta":{"colormag_page_container_layout":"default_layout","colormag_page_sidebar_layout":"default_layout","footnotes":""},"class_list":["post-33","page","type-page","status-publish","hentry"],"yoast_head":"<!-- This site is optimized with the Yoast SEO plugin v27.4 - https:\/\/yoast.com\/product\/yoast-seo-wordpress\/ -->\n<title>Instalaciones - Aserp\u00e1del<\/title>\n<meta name=\"robots\" content=\"index, follow, max-snippet:-1, max-image-preview:large, max-video-preview:-1\" \/>\n<link rel=\"canonical\" href=\"https:\/\/www.aserpasl.com\/Candeledapadel\/instalaciones\/\" \/>\n<meta property=\"og:locale\" content=\"es_ES\" \/>\n<meta property=\"og:type\" content=\"article\" \/>\n<meta property=\"og:title\" content=\"Instalaciones - Aserp\u00e1del\" \/>\n<meta property=\"og:url\" content=\"https:\/\/www.aserpasl.com\/Candeledapadel\/instalaciones\/\" \/>\n<meta property=\"og:site_name\" content=\"Aserp\u00e1del\" \/>\n<meta property=\"article:publisher\" content=\"https:\/\/www.facebook.com\/profile.php?id=100037538779469\" \/>\n<meta property=\"article:modified_time\" content=\"2024-12-08T11:56:33+00:00\" \/>\n<meta property=\"og:image\" content=\"https:\/\/www.aserpasl.com\/Candeledapadel\/wp-content\/uploads\/2023\/03\/Inauguracio-pista-El-Arenal-015.jpg\" \/>\n\t<meta property=\"og:image:width\" content=\"1200\" \/>\n\t<meta property=\"og:image:height\" content=\"900\" \/>\n\t<meta property=\"og:image:type\" content=\"image\/jpeg\" \/>\n<meta name=\"twitter:card\" content=\"summary_large_image\" \/>\n<meta name=\"twitter:site\" content=\"@Aserpadel\" \/>\n<meta name=\"twitter:label1\" content=\"Tiempo de lectura\" \/>\n\t<meta name=\"twitter:data1\" content=\"4 minutos\" \/>\n<script type=\"application\/ld+json\" class=\"yoast-schema-graph\">{\"@context\":\"https:\\\/\\\/schema.org\",\"@graph\":[{\"@type\":\"WebPage\",\"@id\":\"https:\\\/\\\/www.aserpasl.com\\\/Candeledapadel\\\/instalaciones\\\/\",\"url\":\"https:\\\/\\\/www.aserpasl.com\\\/Candeledapadel\\\/instalaciones\\\/\",\"name\":\"Instalaciones - Aserp\u00e1del\",\"isPartOf\":{\"@id\":\"https:\\\/\\\/www.aserpasl.com\\\/Candeledapadel\\\/#website\"},\"primaryImageOfPage\":{\"@id\":\"https:\\\/\\\/www.aserpasl.com\\\/Candeledapadel\\\/instalaciones\\\/#primaryimage\"},\"image\":{\"@id\":\"https:\\\/\\\/www.aserpasl.com\\\/Candeledapadel\\\/instalaciones\\\/#primaryimage\"},\"thumbnailUrl\":\"https:\\\/\\\/www.aserpasl.com\\\/Candeledapadel\\\/wp-content\\\/uploads\\\/2023\\\/03\\\/Inauguracio-pista-El-Arenal-015-1024x768.jpg\",\"datePublished\":\"2024-12-06T15:00:00+00:00\",\"dateModified\":\"2024-12-08T11:56:33+00:00\",\"breadcrumb\":{\"@id\":\"https:\\\/\\\/www.aserpasl.com\\\/Candeledapadel\\\/instalaciones\\\/#breadcrumb\"},\"inLanguage\":\"es\",\"potentialAction\":[{\"@type\":\"ReadAction\",\"target\":[\"https:\\\/\\\/www.aserpasl.com\\\/Candeledapadel\\\/instalaciones\\\/\"]}]},{\"@type\":\"ImageObject\",\"inLanguage\":\"es\",\"@id\":\"https:\\\/\\\/www.aserpasl.com\\\/Candeledapadel\\\/instalaciones\\\/#primaryimage\",\"url\":\"https:\\\/\\\/www.aserpasl.com\\\/Candeledapadel\\\/wp-content\\\/uploads\\\/2023\\\/03\\\/Inauguracio-pista-El-Arenal-015.jpg\",\"contentUrl\":\"https:\\\/\\\/www.aserpasl.com\\\/Candeledapadel\\\/wp-content\\\/uploads\\\/2023\\\/03\\\/Inauguracio-pista-El-Arenal-015.jpg\",\"width\":1200,\"height\":900},{\"@type\":\"BreadcrumbList\",\"@id\":\"https:\\\/\\\/www.aserpasl.com\\\/Candeledapadel\\\/instalaciones\\\/#breadcrumb\",\"itemListElement\":[{\"@type\":\"ListItem\",\"position\":1,\"name\":\"Portada\",\"item\":\"https:\\\/\\\/www.aserpasl.com\\\/Candeledapadel\\\/\"},{\"@type\":\"ListItem\",\"position\":2,\"name\":\"Instalaciones\"}]},{\"@type\":\"WebSite\",\"@id\":\"https:\\\/\\\/www.aserpasl.com\\\/Candeledapadel\\\/#website\",\"url\":\"https:\\\/\\\/www.aserpasl.com\\\/Candeledapadel\\\/\",\"name\":\"P\u00e1del en Candeleda\",\"description\":\"Clases, liguillas, campeonatos... Toda la informaci\u00f3n , y servicios, sobre el p\u00e1del en Candeleda y alrededores (Bajo Tie\u00e9tar y La Vera)\",\"publisher\":{\"@id\":\"https:\\\/\\\/www.aserpasl.com\\\/Candeledapadel\\\/#organization\"},\"alternateName\":\"Aserp\u00e1del\",\"potentialAction\":[{\"@type\":\"SearchAction\",\"target\":{\"@type\":\"EntryPoint\",\"urlTemplate\":\"https:\\\/\\\/www.aserpasl.com\\\/Candeledapadel\\\/?s={search_term_string}\"},\"query-input\":{\"@type\":\"PropertyValueSpecification\",\"valueRequired\":true,\"valueName\":\"search_term_string\"}}],\"inLanguage\":\"es\"},{\"@type\":\"Organization\",\"@id\":\"https:\\\/\\\/www.aserpasl.com\\\/Candeledapadel\\\/#organization\",\"name\":\"ASERPADEL\",\"url\":\"https:\\\/\\\/www.aserpasl.com\\\/Candeledapadel\\\/\",\"logo\":{\"@type\":\"ImageObject\",\"inLanguage\":\"es\",\"@id\":\"https:\\\/\\\/www.aserpasl.com\\\/Candeledapadel\\\/#\\\/schema\\\/logo\\\/image\\\/\",\"url\":\"https:\\\/\\\/www.aserpasl.com\\\/Candeledapadel\\\/wp-content\\\/uploads\\\/2016\\\/08\\\/header.jpg\",\"contentUrl\":\"https:\\\/\\\/www.aserpasl.com\\\/Candeledapadel\\\/wp-content\\\/uploads\\\/2016\\\/08\\\/header.jpg\",\"width\":500,\"height\":175,\"caption\":\"ASERPADEL\"},\"image\":{\"@id\":\"https:\\\/\\\/www.aserpasl.com\\\/Candeledapadel\\\/#\\\/schema\\\/logo\\\/image\\\/\"},\"sameAs\":[\"https:\\\/\\\/www.facebook.com\\\/profile.php?id=100037538779469\",\"https:\\\/\\\/x.com\\\/Aserpadel\",\"https:\\\/\\\/www.instagram.com\\\/aserpadel\\\/\"]}]}<\/script>\n<!-- \/ Yoast SEO plugin. -->","yoast_head_json":{"title":"Instalaciones - Aserp\u00e1del","robots":{"index":"index","follow":"follow","max-snippet":"max-snippet:-1","max-image-preview":"max-image-preview:large","max-video-preview":"max-video-preview:-1"},"canonical":"https:\/\/www.aserpasl.com\/Candeledapadel\/instalaciones\/","og_locale":"es_ES","og_type":"article","og_title":"Instalaciones - Aserp\u00e1del","og_url":"https:\/\/www.aserpasl.com\/Candeledapadel\/instalaciones\/","og_site_name":"Aserp\u00e1del","article_publisher":"https:\/\/www.facebook.com\/profile.php?id=100037538779469","article_modified_time":"2024-12-08T11:56:33+00:00","og_image":[{"width":1200,"height":900,"url":"https:\/\/www.aserpasl.com\/Candeledapadel\/wp-content\/uploads\/2023\/03\/Inauguracio-pista-El-Arenal-015.jpg","type":"image\/jpeg"}],"twitter_card":"summary_large_image","twitter_site":"@Aserpadel","twitter_misc":{"Tiempo de lectura":"4 minutos"},"schema":{"@context":"https:\/\/schema.org","@graph":[{"@type":"WebPage","@id":"https:\/\/www.aserpasl.com\/Candeledapadel\/instalaciones\/","url":"https:\/\/www.aserpasl.com\/Candeledapadel\/instalaciones\/","name":"Instalaciones - Aserp\u00e1del","isPartOf":{"@id":"https:\/\/www.aserpasl.com\/Candeledapadel\/#website"},"primaryImageOfPage":{"@id":"https:\/\/www.aserpasl.com\/Candeledapadel\/instalaciones\/#primaryimage"},"image":{"@id":"https:\/\/www.aserpasl.com\/Candeledapadel\/instalaciones\/#primaryimage"},"thumbnailUrl":"https:\/\/www.aserpasl.com\/Candeledapadel\/wp-content\/uploads\/2023\/03\/Inauguracio-pista-El-Arenal-015-1024x768.jpg","datePublished":"2024-12-06T15:00:00+00:00","dateModified":"2024-12-08T11:56:33+00:00","breadcrumb":{"@id":"https:\/\/www.aserpasl.com\/Candeledapadel\/instalaciones\/#breadcrumb"},"inLanguage":"es","potentialAction":[{"@type":"ReadAction","target":["https:\/\/www.aserpasl.com\/Candeledapadel\/instalaciones\/"]}]},{"@type":"ImageObject","inLanguage":"es","@id":"https:\/\/www.aserpasl.com\/Candeledapadel\/instalaciones\/#primaryimage","url":"https:\/\/www.aserpasl.com\/Candeledapadel\/wp-content\/uploads\/2023\/03\/Inauguracio-pista-El-Arenal-015.jpg","contentUrl":"https:\/\/www.aserpasl.com\/Candeledapadel\/wp-content\/uploads\/2023\/03\/Inauguracio-pista-El-Arenal-015.jpg","width":1200,"height":900},{"@type":"BreadcrumbList","@id":"https:\/\/www.aserpasl.com\/Candeledapadel\/instalaciones\/#breadcrumb","itemListElement":[{"@type":"ListItem","position":1,"name":"Portada","item":"https:\/\/www.aserpasl.com\/Candeledapadel\/"},{"@type":"ListItem","position":2,"name":"Instalaciones"}]},{"@type":"WebSite","@id":"https:\/\/www.aserpasl.com\/Candeledapadel\/#website","url":"https:\/\/www.aserpasl.com\/Candeledapadel\/","name":"P\u00e1del en Candeleda","description":"Clases, liguillas, campeonatos... Toda la informaci\u00f3n , y servicios, sobre el p\u00e1del en Candeleda y alrededores (Bajo Tie\u00e9tar y La Vera)","publisher":{"@id":"https:\/\/www.aserpasl.com\/Candeledapadel\/#organization"},"alternateName":"Aserp\u00e1del","potentialAction":[{"@type":"SearchAction","target":{"@type":"EntryPoint","urlTemplate":"https:\/\/www.aserpasl.com\/Candeledapadel\/?s={search_term_string}"},"query-input":{"@type":"PropertyValueSpecification","valueRequired":true,"valueName":"search_term_string"}}],"inLanguage":"es"},{"@type":"Organization","@id":"https:\/\/www.aserpasl.com\/Candeledapadel\/#organization","name":"ASERPADEL","url":"https:\/\/www.aserpasl.com\/Candeledapadel\/","logo":{"@type":"ImageObject","inLanguage":"es","@id":"https:\/\/www.aserpasl.com\/Candeledapadel\/#\/schema\/logo\/image\/","url":"https:\/\/www.aserpasl.com\/Candeledapadel\/wp-content\/uploads\/2016\/08\/header.jpg","contentUrl":"https:\/\/www.aserpasl.com\/Candeledapadel\/wp-content\/uploads\/2016\/08\/header.jpg","width":500,"height":175,"caption":"ASERPADEL"},"image":{"@id":"https:\/\/www.aserpasl.com\/Candeledapadel\/#\/schema\/logo\/image\/"},"sameAs":["https:\/\/www.facebook.com\/profile.php?id=100037538779469","https:\/\/x.com\/Aserpadel","https:\/\/www.instagram.com\/aserpadel\/"]}]}},"_links":{"self":[{"href":"https:\/\/www.aserpasl.com\/Candeledapadel\/wp-json\/wp\/v2\/pages\/33","targetHints":{"allow":["GET"]}}],"collection":[{"href":"https:\/\/www.aserpasl.com\/Candeledapadel\/wp-json\/wp\/v2\/pages"}],"about":[{"href":"https:\/\/www.aserpasl.com\/Candeledapadel\/wp-json\/wp\/v2\/types\/page"}],"author":[{"embeddable":true,"href":"https:\/\/www.aserpasl.com\/Candeledapadel\/wp-json\/wp\/v2\/users\/2"}],"replies":[{"embeddable":true,"href":"https:\/\/www.aserpasl.com\/Candeledapadel\/wp-json\/wp\/v2\/comments?post=33"}],"version-history":[{"count":53,"href":"https:\/\/www.aserpasl.com\/Candeledapadel\/wp-json\/wp\/v2\/pages\/33\/revisions"}],"predecessor-version":[{"id":13887,"href":"https:\/\/www.aserpasl.com\/Candeledapadel\/wp-json\/wp\/v2\/pages\/33\/revisions\/13887"}],"wp:attachment":[{"href":"https:\/\/www.aserpasl.com\/Candeledapadel\/wp-json\/wp\/v2\/media?parent=33"}],"curies":[{"name":"wp","href":"https:\/\/api.w.org\/{rel}","templated":true}]}}